{"id":5906,"date":"2019-09-24T14:57:12","date_gmt":"2019-09-24T12:57:12","guid":{"rendered":"https:\/\/events.4d.com\/summit2020\/?page_id=5906"},"modified":"2020-04-21T13:23:18","modified_gmt":"2020-04-21T11:23:18","slug":"paris-fr","status":"publish","type":"page","link":"https:\/\/events.4d.com\/summit2020\/paris-fr\/","title":{"rendered":"4D Summit 2020 Paris"},"content":{"rendered":"<p>[vc_row full_width=\u00a0\u00bbstretch_row_content_no_spaces\u00a0\u00bb][vc_column][rev_slider_vc alias=\u00a0\u00bbarchitecture-paris\u00a0\u00bb][\/vc_column][\/vc_row][vc_row full_width=\u00a0\u00bbstretch_row\u00a0\u00bb row_box_shadow=\u00a0\u00bb\u00a0\u00bb css=\u00a0\u00bb.vc_custom_1574779375649{padding-top: 62px !important;padding-bottom: 70px !important;background-color: #ffffff !important;}\u00a0\u00bb el_id=\u00a0\u00bbscroll\u00a0\u00bb][vc_column][vc_custom_heading text=\u00a0\u00bb<strong>4D Summit 2020 &#8211; Annulation et remboursement<\/strong> \u00a0\u00bb font_container=\u00a0\u00bbtag:h3|font_size:48px|text_align:center|line_height:58px\u00a0\u00bb use_theme_fonts=\u00a0\u00bbyes\u00a0\u00bb cms_custom_style=\u00a0\u00bbnovobo\u00a0\u00bb][vc_empty_space height=\u00a0\u00bb47px\u00a0\u00bb][vc_row_inner][vc_column_inner width=\u00a0\u00bb1\/2&Prime;][vc_column_text]<\/p>\n<h5 style=\"text-align: left;\"><b>Cher(e) participant(e) au 4D Summit 2020,<\/b><\/h5>\n<h5 style=\"text-align: left;\">En raison des circonstances li\u00e9es \u00e0 l\u2019\u00e9pid\u00e9mie de COVID-19, nous avons \u00e9t\u00e9 contraints d\u2019annuler la conf\u00e9rence du 4D Summit qui \u00e9tait pr\u00e9vue du 17 au 19 mars \u00e0 Paris et du 31 mars au 2 avril \u00e0 Chicago.<\/h5>\n<h5 style=\"text-align: left;\">Nous vous invitons \u00e0 lire <a class=\"titre-bleu\" href=\"https:\/\/events.4d.com\/summit2020\/4d-summit-2020-paris-information\/\" target=\"_blank\" rel=\"noopener\">le message de notre Directeur G\u00e9n\u00e9ral, Eric Teissandier<\/a>, qui vous donne plus de d\u00e9tails quant aux actions futures qui seront mises en place suite \u00e0 cette annulation.<\/h5>\n<h5 style=\"text-align: left;\">Prenez soin de vous !<\/h5>\n<h5 style=\"text-align: left;\">L&rsquo;\u00e9quipe 4D<\/h5>\n<p>[\/vc_column_text][vc_empty_space height=\u00a0\u00bb25px\u00a0\u00bb][vc_empty_space height=\u00a0\u00bb35px\u00a0\u00bb][\/vc_column_inner][vc_column_inner width=\u00a0\u00bb1\/2&Prime;][vc_single_image image=\u00a0\u00bb8149&Prime; img_size=\u00a0\u00bbfull\u00a0\u00bb style=\u00a0\u00bbvc_box_shadow_3d\u00a0\u00bb][vc_empty_space height=\u00a0\u00bb45px\u00a0\u00bb][\/vc_column_inner][\/vc_row_inner][vc_empty_space height=\u00a0\u00bb47px\u00a0\u00bb][\/vc_column][\/vc_row][vc_row full_width=\u00a0\u00bbstretch_row\u00a0\u00bb row_box_shadow=\u00a0\u00bbtrue\u00a0\u00bb css=\u00a0\u00bb.vc_custom_1580396543066{padding-top: 62px !important;padding-bottom: 70px !important;background: #f4f4f4 url(https:\/\/events.4d.com\/summit2020\/wp-content\/uploads\/2020\/01\/Unknown.jpeg?id=8605) !important;background-position: center !important;background-repeat: no-repeat !important;background-size: cover !important;}\u00a0\u00bb][vc_column][vc_empty_space height=\u00a0\u00bb47px\u00a0\u00bb][vc_custom_heading text=\u00a0\u00bbORDA IS JUST THE BEGINNING\u00a0\u00bb font_container=\u00a0\u00bbtag:h6|font_size:24px|text_align:center|color:%23ffffff|line_height:26px\u00a0\u00bb use_theme_fonts=\u00a0\u00bbyes\u00a0\u00bb cms_custom_style=\u00a0\u00bbnovobo\u00a0\u00bb][vc_custom_heading text=\u00a0\u00bbThe <strong>unbelievable<\/strong> is coming\u00a0\u00bb font_container=\u00a0\u00bbtag:h4|font_size:35px|text_align:center|line_height:30px\u00a0\u00bb use_theme_fonts=\u00a0\u00bbyes\u00a0\u00bb el_class=\u00a0\u00bbh7&Prime;][vc_empty_space height=\u00a0\u00bb47px\u00a0\u00bb][vc_row_inner][vc_column_inner width=\u00a0\u00bb1\/2&Prime;][vc_single_image image=\u00a0\u00bb7858&Prime; img_size=\u00a0\u00bbfull\u00a0\u00bb style=\u00a0\u00bbvc_box_border\u00a0\u00bb border_color=\u00a0\u00bbwhite\u00a0\u00bb][vc_empty_space height=\u00a0\u00bb45px\u00a0\u00bb][\/vc_column_inner][vc_column_inner width=\u00a0\u00bb1\/2&Prime;][vc_empty_space height=\u00a0\u00bb35px\u00a0\u00bb][vc_custom_heading text=\u00a0\u00bb<strong>Rejoignez Laurent Ribardi\u00e8re au 4D Summit 2020 et d\u00e9couvrez en exclusivit\u00e9 le futur de 4D<\/strong>\u00a0\u00bb font_container=\u00a0\u00bbtag:h4|font_size:24px|text_align:center|color:%23ffffff|line_height:26px\u00a0\u00bb use_theme_fonts=\u00a0\u00bbyes\u00a0\u00bb cms_custom_style=\u00a0\u00bbnovobo\u00a0\u00bb el_class=\u00a0\u00bbh8&Prime;][vc_empty_space height=\u00a0\u00bb35px\u00a0\u00bb][vc_column_text]<\/p>\n<blockquote>\n<p style=\"text-align: left;\"><strong>Avec ORDA en 4D v17, nous avons entam\u00e9 une r\u00e9volution de la programmation. 4D v18 nous offre encore plus de possibilit\u00e9s ! Retrouvez-moi pour une session de 90 minutes, pendant laquelle je partagerai avec vous ma vision du futur de la plateforme 4D, moteur de nos d\u00e9veloppements.<\/strong><\/p>\n<p>Laurent Ribardi\u00e8re \u2013 President et Fondateur de 4D SAS<\/p><\/blockquote>\n<p>[\/vc_column_text][vc_empty_space height=\u00a0\u00bb45px\u00a0\u00bb][vc_empty_space height=\u00a0\u00bb45px\u00a0\u00bb][\/vc_column_inner][\/vc_row_inner][vc_empty_space height=\u00a0\u00bb20px\u00a0\u00bb][\/vc_column][\/vc_row][vc_row full_width=\u00a0\u00bbstretch_row\u00a0\u00bb row_box_shadow=\u00a0\u00bb\u00a0\u00bb custom_responsive=\u00a0\u00bbsmall-1-column\u00a0\u00bb el_id=\u00a0\u00bbTARIFS\u00a0\u00bb css=\u00a0\u00bb.vc_custom_1572260878518{background-color: #ffffff !important;}\u00a0\u00bb][vc_column width=\u00a0\u00bb1\/3&Prime; text_align_responsive=\u00a0\u00bbrp-center\u00a0\u00bb][\/vc_column][vc_column width=\u00a0\u00bb1\/3&Prime;][vc_raw_html]JTNDc2NyaXB0JTIwc3JjJTNEJTIyJTJGJTJGYXBwLWUubWFya2V0by5jb20lMkZqcyUyRmZvcm1zMiUyRmpzJTJGZm9ybXMyLm1pbi5qcyUyMiUzRSUzQyUyRnNjcmlwdCUzRSUwQSUzQ2Zvcm0lMjBpZCUzRCUyMm1rdG9Gb3JtXzQzMzUlMjIlM0UlM0MlMkZmb3JtJTNFJTBBJTBBJTNDc2NyaXB0JTNFJTBBJTIwdmFyJTIwbWt0b0luc3RhbmNlJTIwJTNEJTIwJTI3JTJGJTJGYXBwLWUubWFya2V0by5jb20lMjclMkMlMEElMjAlMjAlMjAlMjAlMjAlMjAlMjAlMjBtdW5jaGtpbklkJTIwJTNEJTIwJTI3NTMxLU1SVC00NjglMjclMkMlMEElMjAlMjAlMjAlMjAlMjAlMjAlMjAlMjBmb3JtSWQlMjAlM0QlMjA0MzgzJTJDJTBBJTIwJTIwJTIwJTIwJTIwJTIwJTIwJTIwbGlnaHRib3hCdXR0b25TZWxlY3RvciUyMCUzRCUyMCUyNy5vcGVuX2xpZ2h0Ym94JTI3JTNCJTBBJTBBJTIwJTIwJTIwJTIwZG9jdW1lbnQucXVlcnlTZWxlY3RvciUyOGxpZ2h0Ym94QnV0dG9uU2VsZWN0b3IlMjkub25jbGljayUyMCUzRCUyMGZ1bmN0aW9uJTIwJTI4ZSUyOSUyMCU3QiUwQSUyMCUyMCUyMCUyMCUyMCUyMCUyMCUyME1rdG9Gb3JtczIubG9hZEZvcm0lMjhta3RvSW5zdGFuY2UlMkMlMjBtdW5jaGtpbklkJTJDJTIwZm9ybUlkJTJDJTIwZnVuY3Rpb24lMjAlMjhmb3JtJTI5JTIwJTdCJTBBJTIwJTIwJTIwJTIwJTIwJTIwJTIwJTIwJTIwJTIwJTIwJTIwdmFyJTIwbGlnaHRib3glMjAlM0QlMjBNa3RvRm9ybXMyLmxpZ2h0Ym94JTI4Zm9ybSUyOS5zaG93JTI4JTI5JTNCJTBBJTIwJTIwJTIwJTIwJTIwJTIwJTIwJTIwJTdEJTI5JTNCJTBBJTIwJTIwJTIwJTIwJTIwJTIwJTIwJTIwZS5wcmV2ZW50RGVmYXVsdCUyOCUyOSUzQiUwQSUyMCUyMCUyMCUyMCU3RCUzQiUwQSUzQyUyRnNjcmlwdCUzRQ==[\/vc_raw_html][\/vc_column][vc_column width=\u00a0\u00bb1\/3&Prime;][\/vc_column][\/vc_row][vc_row full_width=\u00a0\u00bbstretch_row\u00a0\u00bb row_box_shadow=\u00a0\u00bb\u00a0\u00bb custom_responsive=\u00a0\u00bbsmall-1-column\u00a0\u00bb css=\u00a0\u00bb.vc_custom_1573031426529{padding-top: 40px !important;padding-bottom: 15px !important;background-color: #ffffff !important;}\u00a0\u00bb][vc_column text_align_responsive=\u00a0\u00bbrp-center\u00a0\u00bb][vc_custom_heading text=\u00a0\u00bbTARIFS\u00a0\u00bb font_container=\u00a0\u00bbtag:h3|font_size:34px|text_align:center|color:%23004289|line_height:34px\u00a0\u00bb google_fonts=\u00a0\u00bbfont_family:Open%20Sans%3A300%2C300italic%2Cregular%2Citalic%2C600%2C600italic%2C700%2C700italic%2C800%2C800italic|font_style:700%20bold%20regular%3A700%3Anormal\u00a0\u00bb css=\u00a0\u00bb.vc_custom_1572445339865{margin-bottom: 33px !important;}\u00a0\u00bb][vc_custom_heading text=\u00a0\u00bb\u00a0\u00bb font_container=\u00a0\u00bbtag:h4|font_size:20px|text_align:center|color:%23004289|line_height:20px\u00a0\u00bb google_fonts=\u00a0\u00bbfont_family:Open%20Sans%3A300%2C300italic%2Cregular%2Citalic%2C600%2C600italic%2C700%2C700italic%2C800%2C800italic|font_style:700%20bold%20regular%3A700%3Anormal\u00a0\u00bb css=\u00a0\u00bb.vc_custom_1580123746231{margin-bottom: 20px !important;}\u00a0\u00bb][\/vc_column][\/vc_row][vc_row full_width=\u00a0\u00bbstretch_row_content\u00a0\u00bb equal_height=\u00a0\u00bbyes\u00a0\u00bb css=\u00a0\u00bb.vc_custom_1572259789100{background-color: #ffffff !important;}\u00a0\u00bb][vc_column][vc_column_text]<\/p>\n<div class=\"prices-table\">\n<ul class=\"two-block\">\n<li class=\"full-width\">\n<h3><strong>4D Summit<\/strong> : 2 jours<\/h3>\n<p><a title=\"learn more\" href=\"#summit4d\">En savoir plus<\/a><\/li>\n<li>\n<ul>\n<li class=\"thead\">\n<h4 class=\"textleft\"><\/h4>\n<\/li>\n<li>Partenaires<\/li>\n<li>Non-Partenaires<\/li>\n<\/ul>\n<\/li>\n<li class=\"even\">\n<ul>\n<li class=\"textcenter thead\">\n<h4>TARIF STANDARD<br \/>\ndu 25 janvier au 17 mars 2020<\/h4>\n<\/li>\n<li><span class=\"price not-bold\">789 \u20ac<\/span><\/li>\n<li><span class=\"price not-bold\">899 \u20ac<\/span><\/li>\n<\/ul>\n<\/li>\n<\/ul>\n<ul class=\"two-block\">\n<li class=\"full-width color2\">\n<h3><strong>Formation Advanced Training<\/strong> : 1 jour<\/h3>\n<p><a title=\"learn more\" href=\"#advancedtraining\">En savoir plus<\/a><\/li>\n<li>\n<ul>\n<li>Partenaires<\/li>\n<li>Non-Partenaires<\/li>\n<\/ul>\n<\/li>\n<li class=\"even\">\n<ul>\n<li><span class=\"price\">499 \u20ac<\/span><\/li>\n<li><span class=\"price\">599 \u20ac<\/span><\/li>\n<\/ul>\n<\/li>\n<\/ul>\n<ul class=\"two-block bundle\">\n<li class=\"full-width color4\">\n<h3><strong>Offre Bundle<\/strong> :\u00a0<span class=\"color1\">4D Summit\u00a0<\/span>+\u00a0<span class=\"color2\">Advanced Training<\/span><\/h3>\n<p><a title=\"learn more\" href=\"#summit4d\">En savoir plus<\/a><\/li>\n<li>\n<ul>\n<li>Partenaires<\/li>\n<li>Non-Partenaires<\/li>\n<\/ul>\n<\/li>\n<li class=\"even\">\n<ul>\n<li class=\"textcenter not-available\"><span class=\"text\">Non disponible<\/span><\/li>\n<\/ul>\n<\/li>\n<\/ul>\n<ul class=\"one-block \">\n<li class=\"full-width color3\">\n<h3><strong>Formation JumpStart<\/strong> : 1 jour<\/h3>\n<p><a title=\"learn more\" href=\"#jumpstart\">En savoir plus<\/a><\/li>\n<li><span class=\"price\">119 \u20ac<\/span><\/li>\n<\/ul>\n<\/div>\n<p>[\/vc_column_text][\/vc_column][\/vc_row][vc_row full_width=\u00a0\u00bbstretch_row\u00a0\u00bb row_box_shadow=\u00a0\u00bb\u00a0\u00bb custom_responsive=\u00a0\u00bbsmall-1-column\u00a0\u00bb css=\u00a0\u00bb.vc_custom_1572361831168{padding-top: 60px !important;background-color: #ffffff !important;}\u00a0\u00bb][vc_column width=\u00a0\u00bb1\/6&Prime; text_align_responsive=\u00a0\u00bbrp-center\u00a0\u00bb][\/vc_column][vc_column width=\u00a0\u00bb2\/3&Prime;][vc_empty_space height=\u00a0\u00bb45px\u00a0\u00bb][vc_custom_heading text=\u00a0\u00bb<b>R\u00e9duction suppl\u00e9mentaire sur l&rsquo;entr\u00e9e 4D Summit 2020 <\/b>: 10% de r\u00e9duction pour le 2\u00e8me participant &#8211; 20% de r\u00e9duction pour la 3\u00e8me personne de la m\u00eame entreprise.\u00a0\u00bb font_container=\u00a0\u00bbtag:h6|font_size:15px|text_align:left|color:%23004289|line_height:21px\u00a0\u00bb google_fonts=\u00a0\u00bbfont_family:Open%20Sans%3A300%2C300italic%2Cregular%2Citalic%2C600%2C600italic%2C700%2C700italic%2C800%2C800italic|font_style:400%20regular%3A400%3Anormal\u00a0\u00bb css=\u00a0\u00bb.vc_custom_1573029312311{margin-top: -10px !important;}\u00a0\u00bb][vc_custom_heading text=\u00a0\u00bb<i>R\u00e9duction non applicable sur l&rsquo;Advanced Training et la JumpStart.<\/i>\u00a0\u00bb font_container=\u00a0\u00bbtag:h6|font_size:13px|text_align:left|color:%23777777|line_height:13px\u00a0\u00bb google_fonts=\u00a0\u00bbfont_family:Open%20Sans%3A300%2C300italic%2Cregular%2Citalic%2C600%2C600italic%2C700%2C700italic%2C800%2C800italic|font_style:400%20regular%3A400%3Anormal\u00a0\u00bb css=\u00a0\u00bb.vc_custom_1580293075364{margin-bottom: 20px !important;padding-top: -20px !important;}\u00a0\u00bb][vc_empty_space][\/vc_column][vc_column width=\u00a0\u00bb1\/6&Prime;][\/vc_column][\/vc_row][vc_row full_width=\u00a0\u00bbstretch_row\u00a0\u00bb row_box_shadow=\u00a0\u00bb\u00a0\u00bb custom_responsive=\u00a0\u00bbsmall-1-column\u00a0\u00bb css=\u00a0\u00bb.vc_custom_1571841412929{padding-top: 20px !important;padding-bottom: 20px !important;background-color: #ffffff !important;}\u00a0\u00bb el_id=\u00a0\u00bbHEBERGEMENT\u00a0\u00bb][vc_column text_align_responsive=\u00a0\u00bbrp-center\u00a0\u00bb][vc_custom_heading text=\u00a0\u00bbH\u00c9BERGEMENT\u00a0\u00bb font_container=\u00a0\u00bbtag:h2|font_size:34px|text_align:center|color:%23004289|line_height:34px\u00a0\u00bb google_fonts=\u00a0\u00bbfont_family:Open%20Sans%3A300%2C300italic%2Cregular%2Citalic%2C600%2C600italic%2C700%2C700italic%2C800%2C800italic|font_style:700%20bold%20regular%3A700%3Anormal\u00a0\u00bb letter_spacing=\u00a0\u00bb0.1em\u00a0\u00bb css=\u00a0\u00bb.vc_custom_1572442421954{margin-top: 33px !important;margin-bottom: 33px !important;}\u00a0\u00bb][\/vc_column][\/vc_row][vc_row full_width=\u00a0\u00bbstretch_row_content_no_spaces\u00a0\u00bb equal_height=\u00a0\u00bbyes\u00a0\u00bb row_box_shadow=\u00a0\u00bb\u00a0\u00bb column_no_padding=\u00a0\u00bbyes\u00a0\u00bb custom_responsive=\u00a0\u00bbsmall-1-column\u00a0\u00bb][vc_column width=\u00a0\u00bb1\/2&Prime; text_align=\u00a0\u00bbcenter\u00a0\u00bb css=\u00a0\u00bb.vc_custom_1571073403024{background-position: center !important;background-repeat: no-repeat !important;background-size: cover !important;}\u00a0\u00bb el_class=\u00a0\u00bbblock-hebergement\u00a0\u00bb][vc_column_text css=\u00a0\u00bb.vc_custom_1571074793118{background-color: #001822 !important;}\u00a0\u00bb el_class=\u00a0\u00bbheber-text-column\u00a0\u00bb]Hotel Eiffel Seine***<\/p>\n<p>3 boulevard de Grenelle 75015 Paris[\/vc_column_text][cms_fancybox_single button_link=\u00a0\u00bb\u00a0\u00bb button_text=\u00a0\u00bbCOMPLET\u00a0\u00bb button_type=\u00a0\u00bbcmstext\u00a0\u00bb image=\u00a0\u00bb7135&Prime; cms_template=\u00a0\u00bbcms_fancybox_single&#8211;layout11.php\u00a0\u00bb fancybox_title_letter_spacing=\u00a0\u00bb0.1em\u00a0\u00bb description_item=\u00a0\u00bb \u00ab\u00a0][vc_column_text css=\u00a0\u00bb.vc_custom_1572442386580{background-color: #001822 !important;}\u00a0\u00bb el_class=\u00a0\u00bbheber-desc\u00a0\u00bb]A 1 minute du centre de conf\u00e9rence.<br \/>\nOffre chambre simple (avec petit-d\u00e9jeuner)[\/vc_column_text][\/vc_column][vc_column width=\u00a0\u00bb1\/2&Prime; text_align=\u00a0\u00bbcenter\u00a0\u00bb el_class=\u00a0\u00bbblock-hebergement\u00a0\u00bb][vc_column_text css=\u00a0\u00bb.vc_custom_1571345732427{background-color: #001822 !important;}\u00a0\u00bb el_class=\u00a0\u00bbheber-text-column\u00a0\u00bb]Hotel Novotel Paris Tour Eiffel ****<\/p>\n<p>61 quai de Grenelle 75015 Paris[\/vc_column_text][cms_fancybox_single button_link=\u00a0\u00bbhttps:\/\/download.4d.com\/Documents\/Website\/4DSummit2020\/Hotel\/HOTELRegistrationForm4D_NovotelParisCentreTE.pdf\u00a0\u00bb button_text=\u00a0\u00bbRESERVEZ ICI\u00a0\u00bb button_type=\u00a0\u00bbcmstext\u00a0\u00bb image=\u00a0\u00bb7136&Prime; cms_template=\u00a0\u00bbcms_fancybox_single&#8211;layout11.php\u00a0\u00bb fancybox_title_letter_spacing=\u00a0\u00bb0.1em\u00a0\u00bb][vc_column_text css=\u00a0\u00bb.vc_custom_1572442368285{background-color: #001822 !important;}\u00a0\u00bb el_class=\u00a0\u00bbheber-desc\u00a0\u00bb]A 7 minutes du centre de conf\u00e9rence.<br \/>\nOffre chambre simple ou double (avec petit-d\u00e9jeuner)[\/vc_column_text][\/vc_column][\/vc_row][vc_row full_width=\u00a0\u00bbstretch_row\u00a0\u00bb custom_responsive=\u00a0\u00bbsmall-1-column\u00a0\u00bb css=\u00a0\u00bb.vc_custom_1573823578728{padding-top: 60px !important;padding-bottom: 10px !important;background-color: #f4f4f4 !important;}\u00a0\u00bb el_id=\u00a0\u00bbANPASSE\u00a0\u00bb][vc_column text_align_responsive=\u00a0\u00bbrp-center\u00a0\u00bb][vc_custom_heading text=\u00a0\u00bbREPLAY DU 4D SUMMIT 2018&Prime; font_container=\u00a0\u00bbtag:h2|font_size:34px|text_align:center|color:%23004289|line_height:34px\u00a0\u00bb google_fonts=\u00a0\u00bbfont_family:Open%20Sans%3A300%2C300italic%2Cregular%2Citalic%2C600%2C600italic%2C700%2C700italic%2C800%2C800italic|font_style:700%20bold%20regular%3A700%3Anormal\u00a0\u00bb css=\u00a0\u00bb.vc_custom_1572455893467{margin-bottom: 33px !important;padding-top: 33px !important;}\u00a0\u00bb][vc_empty_space height=\u00a0\u00bb10px\u00a0\u00bb][\/vc_column][\/vc_row][vc_row full_width=\u00a0\u00bbstretch_row\u00a0\u00bb row_box_shadow=\u00a0\u00bb\u00a0\u00bb custom_responsive=\u00a0\u00bbsmall-1-column\u00a0\u00bb css=\u00a0\u00bb.vc_custom_1573823588118{padding-bottom: 80px !important;background-color: #f4f4f4 !important;}\u00a0\u00bb][vc_column width=\u00a0\u00bb1\/6&Prime; text_align_responsive=\u00a0\u00bbrp-center\u00a0\u00bb][\/vc_column][vc_column width=\u00a0\u00bb2\/3&Prime; text_align=\u00a0\u00bbcenter\u00a0\u00bb text_align_responsive=\u00a0\u00bbrp-center\u00a0\u00bb][vc_column_text]<\/p>\n<p style=\"font-size: 18px; text-align: center;\"><a class=\"titre-bleu\" href=\"https:\/\/store.4d.com\/summit-paris-fr\/\"><strong>R\u00e9servez votre place au 4D Summit 2020 d\u00e8s aujourd&rsquo;hui !<\/strong><\/a><\/p>\n<p>Vous n&rsquo;avez pas assist\u00e9 au 4D Summit 2018 \u00e0 Paris ou \u00e0 Washington D.C. ?<br \/>\nRevivez les temps forts de\u00a0l&rsquo;\u00e9dition\u00a02018 et\u00a0projetez-vous\u00a0dans l&rsquo;ambiance du <strong>4D Summit 2020 !<\/strong>[\/vc_column_text][vc_empty_space height=\u00a0\u00bb25px\u00a0\u00bb][vc_video link=\u00a0\u00bbhttps:\/\/youtu.be\/NKnaYWURLAc\u00a0\u00bb align=\u00a0\u00bbcenter\u00a0\u00bb][vc_empty_space height=\u00a0\u00bb35px\u00a0\u00bb][\/vc_column][vc_column width=\u00a0\u00bb1\/6&Prime;][\/vc_column][\/vc_row][vc_row full_width=\u00a0\u00bbstretch_row\u00a0\u00bb custom_responsive=\u00a0\u00bbsmall-1-column\u00a0\u00bb css=\u00a0\u00bb.vc_custom_1581415253387{padding-top: 60px !important;padding-bottom: 10px !important;background-color: #ffffff !important;}\u00a0\u00bb el_id=\u00a0\u00bbsponsors\u00a0\u00bb][vc_column text_align_responsive=\u00a0\u00bbrp-center\u00a0\u00bb el_class=\u00a0\u00bbsponsor-footer\u00a0\u00bb][vc_custom_heading text=\u00a0\u00bbTOUS NOS REMERCIEMENTS A NOS SPONSORS 4D SUMMIT 2020&Prime; font_container=\u00a0\u00bbtag:h2|font_size:34px|text_align:center|color:%23004289|line_height:34px\u00a0\u00bb google_fonts=\u00a0\u00bbfont_family:Open%20Sans%3A300%2C300italic%2Cregular%2Citalic%2C600%2C600italic%2C700%2C700italic%2C800%2C800italic|font_style:700%20bold%20regular%3A700%3Anormal\u00a0\u00bb css=\u00a0\u00bb.vc_custom_1573822886154{margin-bottom: 33px !important;padding-top: 33px !important;}\u00a0\u00bb][vc_raw_html]JTNDdWwlM0UlMEElMDklMDklMDklM0NsaSUzRSUwQSUwOSUwOSUwOSUwOSUzQ2ElMjBocmVmJTNEJTIyaHR0cHMlM0ElMkYlMkZ3d3cuc3dlZXR3YXRlci5jb20lMkYlMjIlMjB0aXRsZSUzRCUyMlN3ZWV0d2F0ZXIlMjIlMjB0YXJnZXQlM0QlMjJfYmxhbmslMjIlM0UlMEElMDklMDklMDklMDklMDklM0NpbWclMjBzcmMlM0QlMjIlMkZzdW1taXQyMDIwJTJGd3AtY29udGVudCUyRnRoZW1lcyUyRndwLXNpZ21hJTJGZGlnaXRhbC1zdW1taXQlMkZhc3NldHMlMkZpbWclMkZzcG9uc29ycyUyRnN3ZWV0d2F0ZXIucG5nJTIyJTIwdGl0bGUlM0QlMjJTd2VldHdhdGVyJTIyJTIwYWx0JTNEJTIyU3dlZXR3YXRlciUyMiUzRSUwQSUwOSUwOSUwOSUwOSUzQyUyRmElM0UlMEElMDklMDklMDklM0MlMkZsaSUzRSUwQSUwOSUwOSUwOSUzQ2xpJTNFJTBBJTA5JTA5JTA5JTA5JTNDYSUyMGhyZWYlM0QlMjJodHRwJTNBJTJGJTJGd3d3LnNvbHV0aW9ucy1iZXNhZmUuZnIlMkY0ZCUyRiUyMiUyMHRpdGxlJTNEJTIyc29sdXRpb25zLWJlc2FmZSUyMiUyMHRhcmdldCUzRCUyMl9ibGFuayUyMiUzRSUwQSUwOSUwOSUwOSUwOSUwOSUzQ2ltZyUyMHNyYyUzRCUyMiUyRnN1bW1pdDIwMjAlMkZ3cC1jb250ZW50JTJGdGhlbWVzJTJGd3Atc2lnbWElMkZkaWdpdGFsLXN1bW1pdCUyRmFzc2V0cyUyRmltZyUyRnNwb25zb3JzJTJGYmVzYWZlLnBuZyUyMiUyMHRpdGxlJTNEJTIyc29sdXRpb25zLWJlc2FmZSUyMiUyMGFsdCUzRCUyMnNvbHV0aW9ucy1iZXNhZmUlMjIlM0UlMEElMDklMDklMDklMDklM0MlMkZhJTNFJTBBJTA5JTA5JTA5JTNDJTJGbGklM0UlMEElMDklMDklMDklM0NsaSUzRSUwQSUwOSUwOSUwOSUwOSUzQ2ElMjBocmVmJTNEJTIyaHR0cCUzQSUyRiUyRnd3dy5mb290cHJpbnRzLWluYy5jb20lMkYlMjIlMjB0aXRsZSUzRCUyMmZvb3RwcmludHMlMjIlMjB0YXJnZXQlM0QlMjJfYmxhbmslMjIlM0UlMEElMDklMDklMDklMDklMDklM0NpbWclMjBzcmMlM0QlMjIlMkZzdW1taXQyMDIwJTJGd3AtY29udGVudCUyRnRoZW1lcyUyRndwLXNpZ21hJTJGZGlnaXRhbC1zdW1taXQlMkZhc3NldHMlMkZpbWclMkZzcG9uc29ycyUyRnByaW50cy5wbmclMjIlMjB0aXRsZSUzRCUyMmZvb3RwcmludHMlMjIlMjBhbHQlM0QlMjJmb290cHJpbnRzJTIyJTNFJTBBJTA5JTA5JTA5JTA5JTNDJTJGYSUzRSUwQSUwOSUwOSUwOSUzQyUyRmxpJTNFJTBBJTA5JTA5JTA5JTBBJTA5JTA5JTA5JTNDbGklM0UlMEElMDklMDklMDklMDklM0NhJTIwaHJlZiUzRCUyMmh0dHBzJTNBJTJGJTJGd3d3LmhtcGx1Z2lucy5jb20lMkYlMjIlMjB0aXRsZSUzRCUyMmhtcGx1Z2lucyUyMHBsdWdpbnMlMjBmb3IlMjA0ZCUyMiUyMHRhcmdldCUzRCUyMl9ibGFuayUyMiUzRSUwQSUwOSUwOSUwOSUwOSUwOSUzQ2ltZyUyMHNyYyUzRCUyMiUyRnN1bW1pdDIwMjAlMkZ3cC1jb250ZW50JTJGdGhlbWVzJTJGd3Atc2lnbWElMkZkaWdpdGFsLXN1bW1pdCUyRmFzc2V0cyUyRmltZyUyRnNwb25zb3JzJTJGaG1faG1wbHVnaW5zLnBuZyUyMiUyMHRpdGxlJTNEJTIyaG1wbHVnaW5zJTIwcGx1Z2lucyUyMGZvciUyMDRkaG1wbHVnaW5zJTIwcGx1Z2lucyUyMGZvciUyMDRkJTIyJTNFJTBBJTA5JTA5JTA5JTA5JTNDJTJGYSUzRSUwQSUwOSUwOSUwOSUzQyUyRmxpJTNFJTBBJTA5JTA5JTA5JTNDbGklM0UlMEElMDklMDklMDklMDklM0NhJTIwaHJlZiUzRCUyMmh0dHBzJTNBJTJGJTJGb2JqZWN0aXZlc3lzdGVtcy5jb20lMkYlMjIlMjB0aXRsZSUzRCUyMk9iamVjdGl2ZXN5c3RlbXMlMjIlMjB0YXJnZXQlM0QlMjJfYmxhbmslMjIlM0UlMEElMDklMDklMDklMDklMDklM0NpbWclMjBzcmMlM0QlMjIlMkZzdW1taXQyMDIwJTJGd3AtY29udGVudCUyRnRoZW1lcyUyRndwLXNpZ21hJTJGZGlnaXRhbC1zdW1taXQlMkZhc3NldHMlMkZpbWclMkZzcG9uc29ycyUyRm9iamVjdGl2ZS1zeXN0ZW1zLnBuZyUyMiUyMHRpdGxlJTNEJTIyT2JqZWN0aXZlc3lzdGVtcyUyMiUyMGFsdCUzRCUyMk9iamVjdGl2ZXN5c3RlbXMlMjIlM0UlMEElMDklMDklMDklMDklM0MlMkZhJTNFJTBBJTA5JTA5JTA5JTNDJTJGbGklM0UlMEElMDklMDklMDklM0NsaSUzRSUwQSUwOSUwOSUwOSUwOSUzQ2ElMjBocmVmJTNEJTIyaHR0cHMlM0ElMkYlMkY0ZG1ldGhvZC5jb20lMkYlMjIlMjB0aXRsZSUzRCUyMjRETWV0aG9kJTIwJUUyJTgwJTkzJTIwNEQlMjBVc2VyJTIwR3JvdXAlMjIlMjB0YXJnZXQlM0QlMjJfYmxhbmslMjIlM0UlMEElMDklMDklMDklMDklMDklM0NpbWclMjBzcmMlM0QlMjIlMkZzdW1taXQyMDIwJTJGd3AtY29udGVudCUyRnRoZW1lcyUyRndwLXNpZ21hJTJGZGlnaXRhbC1zdW1taXQlMkZhc3NldHMlMkZpbWclMkZzcG9uc29ycyUyRjREbWV0aG9kLnBuZyUyMiUyMHRpdGxlJTNEJTIyNERNZXRob2QlMjAlRTIlODAlOTMlMjA0RCUyMFVzZXIlMjBHcm91cCUyMiUyMGFsdCUzRCUyMjRETWV0aG9kJTIwJUUyJTgwJTkzJTIwNEQlMjBVc2VyJTIwR3JvdXAlMjIlM0UlMEElMDklMDklMDklMDklM0MlMkZhJTNFJTBBJTA5JTA5JTA5JTNDJTJGbGklM0UlMEElMDklMDklM0MlMkZ1bCUzRQ==[\/vc_raw_html][\/vc_column][\/vc_row]<\/p>\n","protected":false},"excerpt":{"rendered":"<p>[vc_row full_width=\u00a0\u00bbstretch_row_content_no_spaces\u00a0\u00bb][vc_column][rev_slider_vc alias=\u00a0\u00bbarchitecture-paris\u00a0\u00bb][\/vc_column][\/vc_row][vc_row full_width=\u00a0\u00bbstretch_row\u00a0\u00bb row_box_shadow=\u00a0\u00bb\u00a0\u00bb css=\u00a0\u00bb.vc_custom_1574779375649{padding-top: 62px !important;padding-bottom: 70px !important;background-color: #ffffff !important;}\u00a0\u00bb el_id=\u00a0\u00bbscroll\u00a0\u00bb][vc_column][vc_custom_heading text=\u00a0\u00bb4D Summit 2020 &#8211; Annulation et remboursement \u00a0\u00bb font_container=\u00a0\u00bbtag:h3|font_size:48px|text_align:center|line_height:58px\u00a0\u00bb use_theme_fonts=\u00a0\u00bbyes\u00a0\u00bb cms_custom_style=\u00a0\u00bbnovobo\u00a0\u00bb][vc_empty_space height=\u00a0\u00bb47px\u00a0\u00bb][vc_row_inner][vc_column_inner width=\u00a0\u00bb1\/2&Prime;][vc_column_text] Cher(e) participant(e) au 4D Summit 2020, En raison des circonstances li\u00e9es \u00e0 l\u2019\u00e9pid\u00e9mie de COVID-19, nous avons \u00e9t\u00e9 contraints d\u2019annuler la conf\u00e9rence du 4D Summit qui \u00e9tait pr\u00e9vue du [&hellip;]<\/p>\n","protected":false},"author":1,"featured_media":0,"parent":0,"menu_order":0,"comment_status":"closed","ping_status":"closed","template":"","meta":{"footnotes":""},"yoast_head":"<!-- This site is optimized with the Yoast SEO plugin v21.7 - https:\/\/yoast.com\/wordpress\/plugins\/seo\/ -->\n<title>4D Summit 2020 Paris | Spice up your developments<\/title>\n<meta name=\"description\" content=\"Bienvenue au 22\u00e8me Summit 4D. Pour cette \u00e9dition 2020, rejoignez la communaut\u00e9 4D \u00e0 Paris pour trois jours incroyables de Keynotes, avec au menu : les nouvelles innovations 4D et les technologies \u00e0 venir. Assistez \u00e0 une session sp\u00e9ciale pr\u00e9sent\u00e9e par le Pr\u00e9sident et Fondateur de 4D, Laurent Ribardiere. Ne manquez pas la formation avanc\u00e9e exclusive : ORDA - La r\u00e9volution continue. Et le plus important, amusez-vous !\" \/>\n<meta name=\"robots\" content=\"index, follow, max-snippet:-1, max-image-preview:large, max-video-preview:-1\" \/>\n<link rel=\"canonical\" href=\"https:\/\/events.4d.com\/summit2020\/paris-fr\/\" \/>\n<meta property=\"og:locale\" content=\"fr_FR\" \/>\n<meta property=\"og:type\" content=\"article\" \/>\n<meta property=\"og:title\" content=\"4D Summit 2020 Paris | Spice up your developments\" \/>\n<meta property=\"og:description\" content=\"Bienvenue au 22\u00e8me Summit 4D. Pour cette \u00e9dition 2020, rejoignez la communaut\u00e9 4D \u00e0 Paris pour trois jours incroyables de Keynotes, avec au menu : les nouvelles innovations 4D et les technologies \u00e0 venir. Assistez \u00e0 une session sp\u00e9ciale pr\u00e9sent\u00e9e par le Pr\u00e9sident et Fondateur de 4D, Laurent Ribardiere. Ne manquez pas la formation avanc\u00e9e exclusive : ORDA - La r\u00e9volution continue. Et le plus important, amusez-vous !\" \/>\n<meta property=\"og:url\" content=\"https:\/\/events.4d.com\/summit2020\/paris-fr\/\" \/>\n<meta property=\"og:site_name\" content=\"Spice up your developments\" \/>\n<meta property=\"article:modified_time\" content=\"2020-04-21T11:23:18+00:00\" \/>\n<meta name=\"twitter:card\" content=\"summary_large_image\" \/>\n<meta name=\"twitter:label1\" content=\"Dur\u00e9e de lecture estim\u00e9e\" \/>\n\t<meta name=\"twitter:data1\" content=\"10 minutes\" \/>\n<script type=\"application\/ld+json\" class=\"yoast-schema-graph\">{\"@context\":\"https:\/\/schema.org\",\"@graph\":[{\"@type\":\"WebPage\",\"@id\":\"https:\/\/events.4d.com\/summit2020\/paris-fr\/\",\"url\":\"https:\/\/events.4d.com\/summit2020\/paris-fr\/\",\"name\":\"4D Summit 2020 Paris | Spice up your developments\",\"isPartOf\":{\"@id\":\"https:\/\/events.4d.com\/summit2020\/#website\"},\"datePublished\":\"2019-09-24T12:57:12+00:00\",\"dateModified\":\"2020-04-21T11:23:18+00:00\",\"description\":\"Bienvenue au 22\u00e8me Summit 4D. Pour cette \u00e9dition 2020, rejoignez la communaut\u00e9 4D \u00e0 Paris pour trois jours incroyables de Keynotes, avec au menu : les nouvelles innovations 4D et les technologies \u00e0 venir. Assistez \u00e0 une session sp\u00e9ciale pr\u00e9sent\u00e9e par le Pr\u00e9sident et Fondateur de 4D, Laurent Ribardiere. Ne manquez pas la formation avanc\u00e9e exclusive : ORDA - La r\u00e9volution continue. Et le plus important, amusez-vous !\",\"breadcrumb\":{\"@id\":\"https:\/\/events.4d.com\/summit2020\/paris-fr\/#breadcrumb\"},\"inLanguage\":\"fr-FR\",\"potentialAction\":[{\"@type\":\"ReadAction\",\"target\":[\"https:\/\/events.4d.com\/summit2020\/paris-fr\/\"]}]},{\"@type\":\"BreadcrumbList\",\"@id\":\"https:\/\/events.4d.com\/summit2020\/paris-fr\/#breadcrumb\",\"itemListElement\":[{\"@type\":\"ListItem\",\"position\":1,\"name\":\"Accueil\",\"item\":\"https:\/\/events.4d.com\/summit2020\/en\/\"},{\"@type\":\"ListItem\",\"position\":2,\"name\":\"4D Summit 2020 Paris\"}]},{\"@type\":\"WebSite\",\"@id\":\"https:\/\/events.4d.com\/summit2020\/#website\",\"url\":\"https:\/\/events.4d.com\/summit2020\/\",\"name\":\"Spice up your developments\",\"description\":\"The 4D Summit 2020 the 4D Developper Software Event\",\"publisher\":{\"@id\":\"https:\/\/events.4d.com\/summit2020\/#organization\"},\"potentialAction\":[{\"@type\":\"SearchAction\",\"target\":{\"@type\":\"EntryPoint\",\"urlTemplate\":\"https:\/\/events.4d.com\/summit2020\/?s={search_term_string}\"},\"query-input\":\"required name=search_term_string\"}],\"inLanguage\":\"fr-FR\"},{\"@type\":\"Organization\",\"@id\":\"https:\/\/events.4d.com\/summit2020\/#organization\",\"name\":\"4D SUMMIT 2020\",\"url\":\"https:\/\/events.4d.com\/summit2020\/\",\"logo\":{\"@type\":\"ImageObject\",\"inLanguage\":\"fr-FR\",\"@id\":\"https:\/\/events.4d.com\/summit2020\/#\/schema\/logo\/image\/\",\"url\":\"https:\/\/events.4d.com\/summit2020\/wp-content\/uploads\/2019\/10\/blue-logo4Dsummit2020-2.png\",\"contentUrl\":\"https:\/\/events.4d.com\/summit2020\/wp-content\/uploads\/2019\/10\/blue-logo4Dsummit2020-2.png\",\"width\":800,\"height\":660,\"caption\":\"4D SUMMIT 2020\"},\"image\":{\"@id\":\"https:\/\/events.4d.com\/summit2020\/#\/schema\/logo\/image\/\"}}]}<\/script>\n<!-- \/ Yoast SEO plugin. -->","yoast_head_json":{"title":"4D Summit 2020 Paris | Spice up your developments","description":"Bienvenue au 22\u00e8me Summit 4D. Pour cette \u00e9dition 2020, rejoignez la communaut\u00e9 4D \u00e0 Paris pour trois jours incroyables de Keynotes, avec au menu : les nouvelles innovations 4D et les technologies \u00e0 venir. Assistez \u00e0 une session sp\u00e9ciale pr\u00e9sent\u00e9e par le Pr\u00e9sident et Fondateur de 4D, Laurent Ribardiere. Ne manquez pas la formation avanc\u00e9e exclusive : ORDA - La r\u00e9volution continue. Et le plus important, amusez-vous !","robots":{"index":"index","follow":"follow","max-snippet":"max-snippet:-1","max-image-preview":"max-image-preview:large","max-video-preview":"max-video-preview:-1"},"canonical":"https:\/\/events.4d.com\/summit2020\/paris-fr\/","og_locale":"fr_FR","og_type":"article","og_title":"4D Summit 2020 Paris | Spice up your developments","og_description":"Bienvenue au 22\u00e8me Summit 4D. Pour cette \u00e9dition 2020, rejoignez la communaut\u00e9 4D \u00e0 Paris pour trois jours incroyables de Keynotes, avec au menu : les nouvelles innovations 4D et les technologies \u00e0 venir. Assistez \u00e0 une session sp\u00e9ciale pr\u00e9sent\u00e9e par le Pr\u00e9sident et Fondateur de 4D, Laurent Ribardiere. Ne manquez pas la formation avanc\u00e9e exclusive : ORDA - La r\u00e9volution continue. Et le plus important, amusez-vous !","og_url":"https:\/\/events.4d.com\/summit2020\/paris-fr\/","og_site_name":"Spice up your developments","article_modified_time":"2020-04-21T11:23:18+00:00","twitter_card":"summary_large_image","twitter_misc":{"Dur\u00e9e de lecture estim\u00e9e":"10 minutes"},"schema":{"@context":"https:\/\/schema.org","@graph":[{"@type":"WebPage","@id":"https:\/\/events.4d.com\/summit2020\/paris-fr\/","url":"https:\/\/events.4d.com\/summit2020\/paris-fr\/","name":"4D Summit 2020 Paris | Spice up your developments","isPartOf":{"@id":"https:\/\/events.4d.com\/summit2020\/#website"},"datePublished":"2019-09-24T12:57:12+00:00","dateModified":"2020-04-21T11:23:18+00:00","description":"Bienvenue au 22\u00e8me Summit 4D. Pour cette \u00e9dition 2020, rejoignez la communaut\u00e9 4D \u00e0 Paris pour trois jours incroyables de Keynotes, avec au menu : les nouvelles innovations 4D et les technologies \u00e0 venir. Assistez \u00e0 une session sp\u00e9ciale pr\u00e9sent\u00e9e par le Pr\u00e9sident et Fondateur de 4D, Laurent Ribardiere. Ne manquez pas la formation avanc\u00e9e exclusive : ORDA - La r\u00e9volution continue. Et le plus important, amusez-vous !","breadcrumb":{"@id":"https:\/\/events.4d.com\/summit2020\/paris-fr\/#breadcrumb"},"inLanguage":"fr-FR","potentialAction":[{"@type":"ReadAction","target":["https:\/\/events.4d.com\/summit2020\/paris-fr\/"]}]},{"@type":"BreadcrumbList","@id":"https:\/\/events.4d.com\/summit2020\/paris-fr\/#breadcrumb","itemListElement":[{"@type":"ListItem","position":1,"name":"Accueil","item":"https:\/\/events.4d.com\/summit2020\/en\/"},{"@type":"ListItem","position":2,"name":"4D Summit 2020 Paris"}]},{"@type":"WebSite","@id":"https:\/\/events.4d.com\/summit2020\/#website","url":"https:\/\/events.4d.com\/summit2020\/","name":"Spice up your developments","description":"The 4D Summit 2020 the 4D Developper Software Event","publisher":{"@id":"https:\/\/events.4d.com\/summit2020\/#organization"},"potentialAction":[{"@type":"SearchAction","target":{"@type":"EntryPoint","urlTemplate":"https:\/\/events.4d.com\/summit2020\/?s={search_term_string}"},"query-input":"required name=search_term_string"}],"inLanguage":"fr-FR"},{"@type":"Organization","@id":"https:\/\/events.4d.com\/summit2020\/#organization","name":"4D SUMMIT 2020","url":"https:\/\/events.4d.com\/summit2020\/","logo":{"@type":"ImageObject","inLanguage":"fr-FR","@id":"https:\/\/events.4d.com\/summit2020\/#\/schema\/logo\/image\/","url":"https:\/\/events.4d.com\/summit2020\/wp-content\/uploads\/2019\/10\/blue-logo4Dsummit2020-2.png","contentUrl":"https:\/\/events.4d.com\/summit2020\/wp-content\/uploads\/2019\/10\/blue-logo4Dsummit2020-2.png","width":800,"height":660,"caption":"4D SUMMIT 2020"},"image":{"@id":"https:\/\/events.4d.com\/summit2020\/#\/schema\/logo\/image\/"}}]}},"_links":{"self":[{"href":"https:\/\/events.4d.com\/summit2020\/wp-json\/wp\/v2\/pages\/5906"}],"collection":[{"href":"https:\/\/events.4d.com\/summit2020\/wp-json\/wp\/v2\/pages"}],"about":[{"href":"https:\/\/events.4d.com\/summit2020\/wp-json\/wp\/v2\/types\/page"}],"author":[{"embeddable":true,"href":"https:\/\/events.4d.com\/summit2020\/wp-json\/wp\/v2\/users\/1"}],"replies":[{"embeddable":true,"href":"https:\/\/events.4d.com\/summit2020\/wp-json\/wp\/v2\/comments?post=5906"}],"version-history":[{"count":495,"href":"https:\/\/events.4d.com\/summit2020\/wp-json\/wp\/v2\/pages\/5906\/revisions"}],"predecessor-version":[{"id":9459,"href":"https:\/\/events.4d.com\/summit2020\/wp-json\/wp\/v2\/pages\/5906\/revisions\/9459"}],"wp:attachment":[{"href":"https:\/\/events.4d.com\/summit2020\/wp-json\/wp\/v2\/media?parent=5906"}],"curies":[{"name":"wp","href":"https:\/\/api.w.org\/{rel}","templated":true}]}}